{"id":2247,"date":"2018-06-26T09:29:28","date_gmt":"2018-06-26T09:29:28","guid":{"rendered":"http:\/\/www.mas-office.com\/?page_id=2247"},"modified":"2021-11-03T10:37:09","modified_gmt":"2021-11-03T09:37:09","slug":"politica-de-privacidad","status":"publish","type":"page","link":"https:\/\/www.mas-office.com\/ca\/politica-de-privacidad\/","title":{"rendered":"Pol\u00edtica de privacitat"},"content":{"rendered":"<section class=\"l-section wpb_row height_large\"><div class=\"l-section-h i-cf\"><div class=\"g-cols vc_row via_flex valign_top type_default stacking_default\"><div class=\"vc_col-sm-12 wpb_column vc_column_container\"><div class=\"vc_column-inner\"><div class=\"wpb_wrapper\"><div class=\"wpb_text_column\"><div class=\"wpb_wrapper\"><h5><strong>1. IDENTIFICACI\u00d3 DEL TITULAR<\/strong><\/h5>\n<p><strong>www.mas-office.com<\/strong>\u00a0\u00e9s un domini titularitat de COMERCIAL DE INDUSTRIAS REUNIDAS S.A. domiciliada a Carrer Afores, s\/n (Cam\u00ed de Vall-llosera) \u00b7 08550 BALENY\u00c0 \u00b7 Barcelona \u2013 Spain, inscrita al Registre Mercantil de Barcelona i adre\u00e7a de correu electr\u00f2nic\u00a0<a href=\"mailto:mas@mas-office.com\">mas@mas-office.com<\/a><\/p>\n<h5><strong>2. PROTECCI\u00d3 DE DADES<\/strong><\/h5>\n<p>COMERCIAL DE INDUSTRIAS REUNIDAS S.A. \u00e9s el Responsable del tractament de les dades personals de l\u2019Usuari i l\u2019informa que aquestes dades seran tractades de conformitat amb el que disposen les normatives vigents en protecci\u00f3 de dades i d\u2019acord amb la normativa vigent de la societat de la informaci\u00f3, per la qual que es facilita la seg\u00fcent informaci\u00f3 del tractament:<\/p>\n<p><strong>Fi del tractament:<\/strong>\u00a0mantenir una relaci\u00f3 comercial amb l\u2019Usuari. Les operacions previstes per realitzar el tractament s\u00f3n:<\/p>\n<ul>\n<li>Remissi\u00f3 de comunicacions comercials publicit\u00e0ries, sempre que s\u2019hagi autoritzat pr\u00e8viament, per email, fax, SMS, MMS, comunitats socials o qualsevol altre mitj\u00e0 electr\u00f2nic o f\u00edsic, present o futur, que possibiliti realitzar comunicacions comercials. Aquestes comunicacions seran realitzades per COMERCIAL DE INDUSTRIAS REUNIDAS S.A. i relacionades sobre els seus productes i serveis, o dels seus col\u00b7laboradors o prove\u00efdors amb els que aquest hagi arribat a algun acord de promoci\u00f3. En aquest cas, els tercers mai tindran acc\u00e9s a les dades personals.<\/li>\n<li>Realitzar estudis estad\u00edstics.<\/li>\n<li>Tramitar enc\u00e0rrecs de peticions o qualsevol tipus de petici\u00f3 que sigui realitzada per l\u2019usuari a trav\u00e9s de qualsevol de les formes de contacte que es posen a la seva disposici\u00f3.<\/li>\n<li>Remetre el butllet\u00ed de not\u00edcies de la p\u00e0gina web.<\/li>\n<li>En cas que presenti per via electr\u00f2nica i \/ o mitjan\u00e7ant un formulari web, el seu curr\u00edculum a la nostra empresa, les seves dades es tractaran confidencialment i amb la finalitat exclusiva de la tramitaci\u00f3 de la seva candidatura. La transmissi\u00f3 de dades tindr\u00e0 lloc de forma xifrada. En cas de produir-se alguna modificaci\u00f3 en les seves dades, li preguem ens ho comuniqui per escrit el m\u00e9s aviat possible, a fi de mantenir les seves dades degudament actualitzades.<\/li>\n<\/ul>\n<p>Les dades del curr\u00edculum que es faciliten seran conservades durant el termini d\u2019un any, transcorregut el qual COMERCIAL DE INDUSTRIAS REUNIDAS S.A. procedir\u00e0 a la seva total destrucci\u00f3.<\/p>\n<p><strong>Criteris de conservaci\u00f3 de les dades:<\/strong>\u00a0es conservaran mentre hi hagi un inter\u00e8s mutu per mantenir la fi del tractament i quan ja no sigui necessari per a tal fi, es suprimiran amb mesures de seguretat adequades per garantir la seudonimizaci\u00f3n de les dades o la destrucci\u00f3 total dels mateixos.<\/p>\n<p><strong>Destinataris de les dades:<\/strong>\u00a0Llevat obligaci\u00f3 legal,\u00a0COMERCIAL DE INDUSTRIAS REUNIDAS S.A.\u00a0informa i garanteix expressament als usuaris que les seves dades personals no seran cedides en cap cas a tercers, i que sempre que realitzar\u00e0 algun tipus de cessi\u00f3 de dades personals, es demanar\u00e0 pr\u00e8viament el consentiment expr\u00e9s, informat i inequ\u00edvoc per part dels Usuaris.<\/p>\n<p><strong>Transfer\u00e8ncies Internacionals:<\/strong>\u00a0No es realitzen transfer\u00e8ncies internacionals de dades a tercers pa\u00efsos fora de la Uni\u00f3 Europea.<\/p>\n<p><strong>Drets que assisteixen a l\u2019Usuari:<\/strong><\/p>\n<ul>\n<li>Dret a retirar el consentiment en qualsevol moment.<\/li>\n<li>Dret d\u2019acc\u00e9s, rectificaci\u00f3, portabilitat i supressi\u00f3 de les seves dades i de la limitaci\u00f3 o oposici\u00f3 al seu tractament.<\/li>\n<li>Dret a presentar una reclamaci\u00f3 davant l\u2019autoritat de control (<a href=\"http:\/\/www.agpd.es\/\">www.agpd.es<\/a>) si considera que el tractament no s\u2019ajusta a la normativa vigent.<\/li>\n<li>Podr\u00e0 revocar en qualsevol moment el consentiment prestat a la recepci\u00f3 de comunicacions comercials, enviant la seva sol\u00b7licitud al correu electr\u00f2nic <a href=\"mailto:mas@mas-office.com\">mas@mas-office.com<\/a><\/li>\n<\/ul>\n<p><strong>Dades de contacte per exercir els seus drets:<\/strong><\/p>\n<ul>\n<li>Adre\u00e7a postal: Carrer Afores, s\/n (Cam\u00ed de Vall-llosera) \u00b7 08550 BALENY\u00c0 \u00b7 Barcelona \u2013 Spain<\/li>\n<li>Adre\u00e7a electr\u00f2nica:\u00a0<a href=\"mailto:mas@mas-office.com\">mas@mas-office.com<\/a><\/li>\n<\/ul>\n<p>Els Usuaris, mitjan\u00e7ant la marcaci\u00f3 de les caselles corresponents i entrada de dades en els camps, marcats amb un asterisc (*) en el formulari de contacte o presentats en formularis de desc\u00e0rrega, accepten expressament i de forma lliure i inequ\u00edvoca, que les seves dades s\u00f3n necessaris per atendre la seva petici\u00f3, per part del prestador, sent volunt\u00e0ria la inclusi\u00f3 de dades en els camps restants. L\u2019Usuari garanteix que les dades personals facilitades a\u00a0COMERCIAL DE INDUSTRIAS REUNIDAS S.A.\u00a0s\u00f3n veraces i es fa responsable de comunicar qualsevol modificaci\u00f3 de les mateixes.<\/p>\n<p>Totes les dades sol\u00b7licitades a trav\u00e9s del lloc web s\u00f3n obligatoris, ja que s\u00f3n necessaris per a la prestaci\u00f3 d\u2019un servei \u00f2ptim a l\u2019usuari. En cas que no siguin facilitades totes les dades, no es garanteix que la informaci\u00f3 i serveis facilitats sigui completament ajustats a les seves necessitats.<\/p>\n<h5><strong>3. MESURES DE SEGURETAT<\/strong><\/h5>\n<p>COMERCIAL DE INDUSTRIAS REUNIDAS S.A. est\u00e0 complint amb la normativa vigent en protecci\u00f3 de dades, i manifesta que les dades s\u00f3n tractats de manera l\u00edcita, lleial i transparent en relaci\u00f3 amb l\u2019interessat i adequades, pertinents i limitats al que \u00e9s necessari en relaci\u00f3 amb els fins per als quals s\u00f3n tractats.<\/p>\n<p>COMERCIAL DE INDUSTRIAS REUNIDAS S.A. garanteix que ha implementat pol\u00edtiques t\u00e8cniques i organitzatives apropiades per aplicar les mesures de seguretat que estableixen la normativa vigent en protecci\u00f3 de dades, per tal de protegir els drets i llibertats dels Usuaris i els ha comunicat la informaci\u00f3 adequada perqu\u00e8 puguin exercir-los.<\/p>\n<h5><strong>4. DRETS DE PROPIETAT INTEL\u00b7LECTUAL I INDUSTRIAL<\/strong><\/h5>\n<p>El lloc web, incloent a t\u00edtol enunciatiu, per\u00f2 no limitatiu la seva programaci\u00f3, edici\u00f3, compilaci\u00f3 i altres elements necessaris per al seu funcionament, els dissenys, logotips, text i \/ o gr\u00e0fics, s\u00f3n propietat de\u00a0COMERCIAL DE INDUSTRIAS REUNIDAS S.A.\u00a0o, si \u00e9s el cas, disposa de llic\u00e8ncia o autoritzaci\u00f3 expressa per part dels autors. Tots els continguts del lloc web es troben degudament protegits per la normativa de propietat intel\u00b7lectual i industrial, aix\u00ed com inscrits en els registres p\u00fablics corresponents.<\/p>\n<p>Independentment de la finalitat per a la qual fossin destinats, la reproducci\u00f3 total o parcial, \u00fas, explotaci\u00f3, distribuci\u00f3 i comercialitzaci\u00f3, requereix en tot cas de l\u2019autoritzaci\u00f3 escrita pr\u00e8via per part de\u00a0COMERCIAL DE INDUSTRIAS REUNIDAS S.A.\u00a0Qualsevol \u00fas no autoritzat pr\u00e8viament es considera un incompliment greu dels drets de propietat intel\u00b7lectual o industrial de l\u2019autor.<\/p>\n<p>Els dissenys, logotips, text i \/ o gr\u00e0fics aliens a\u00a0COMERCIAL DE INDUSTRIAS REUNIDAS S.A.\u00a0i que poguessin apar\u00e8ixer en el lloc web, pertanyen als seus respectius propietaris, sent ells mateixos responsables de qualsevol possible controv\u00e8rsia que pogu\u00e9s suscitar respecte a aquests.<\/p>\n<p>Per realitzar qualsevol tipus d\u2019observaci\u00f3 respecte a possibles incompliments dels drets de propietat intel\u00b7lectual o industrial, aix\u00ed com sobre qualsevol dels continguts del lloc web, pot fer-ho a trav\u00e9s del correu electr\u00f2nic\u00a0<a href=\"mailto:mas@mas-office.com\">mas@mas-office.com<\/a><\/p>\n<h5><strong>5. EXEMPCI\u00d3 DE RESPONSABILITATS<\/strong><\/h5>\n<p>COMERCIAL DE INDUSTRIAS REUNIDAS S.A. s\u2019eximeix de qualsevol tipus de responsabilitat derivada de la informaci\u00f3 publicada al seu lloc web sempre que aquesta informaci\u00f3 hagi estat manipulada o introdu\u00efda per un tercer ali\u00e8 a aquest.<\/p>\n<p><strong>Pol\u00edtica d\u2019enlla\u00e7os<\/strong><\/p>\n<p>Des del lloc web, \u00e9s possible que es redirigeixi a continguts de tercers llocs web. At\u00e8s que\u00a0COMERCIAL DE INDUSTRIAS REUNIDAS S.A.\u00a0no pot controlar sempre els continguts introdu\u00efts pels tercers en els seus respectius llocs web, no assumeix cap tipus de responsabilitat respecte a aquests continguts. En tot cas, procedir\u00e0 a la retirada immediata de qualsevol contingut que pogu\u00e9s contravenir la legislaci\u00f3 nacional o internacional, la moral o l\u2019ordre p\u00fablic, procedint a la retirada immediata de la redirecci\u00f3 a dit lloc web, posant en coneixement de les autoritats competents el contingut en q\u00fcesti\u00f3.<\/p>\n<p>COMERCIAL DE INDUSTRIAS REUNIDAS S.A. no es fa responsable de la informaci\u00f3 i continguts emmagatzemats, a t\u00edtol enunciatiu, per\u00f2 no limitatiu, en f\u00f2rums, xats, generadors de blogs, comentaris, xarxes socials o qualsevol altre mitj\u00e0 que permeti a tercers publicar continguts de forma independent en la p\u00e0gina web de\u00a0COMERCIAL DE INDUSTRIAS REUNIDAS S.A.\u00a0No obstant aix\u00f2, i en compliment del que disposa la normativa vigent de la Societat de la Informaci\u00f3, es posa a disposici\u00f3 de tots els usuaris, autoritats i forces de seguretat, col\u00b7laborant de forma activa en la retirada o, si escau, bloqueig de tots aquells continguts que puguin afectar o contravenir la legislaci\u00f3 nacional o internacional, els drets de tercers o la moral i l\u2019ordre p\u00fablic. En cas que l\u2019usuari consideri que existeix en el lloc web algun contingut que pogu\u00e9s ser susceptible d\u2019aquesta classificaci\u00f3, es prega ho faci saber de forma immediata a l\u2019administrador del lloc web.<\/p>\n<p>Aquest lloc web ha estat revisat i provat perqu\u00e8 funcioni correctament. En principi, pot garantir-se el correcte funcionament els 365 dies de l\u2019any, 24 hores al dia. No obstant aix\u00f2,\u00a0COMERCIAL DE INDUSTRIAS REUNIDAS S.A.\u00a0no descarta la possibilitat que existeixin certs errors de programaci\u00f3, o que esdevinguin causes de for\u00e7a major, cat\u00e0strofes naturals, vagues o circumst\u00e0ncies semblants que facin impossible l\u2019acc\u00e9s a la p\u00e0gina web.<\/p>\n<p><strong>Adreces IP<\/strong><\/p>\n<p>Els servidors del lloc web podran detectar de manera autom\u00e0tica l\u2019adre\u00e7a IP i el nom de domini utilitzats per l\u2019usuari. Una adre\u00e7a IP \u00e9s un nombre assignat autom\u00e0ticament a un ordinador quan aquest es connecta a Internet.<\/p>\n<p>Tota aquesta informaci\u00f3 \u00e9s registrada en un fitxer d\u2019activitat del servidor degudament inscrit que permet el posterior processament de les dades amb la finalitat d\u2019obtenir mesures \u00fanicament estad\u00edstiques que permetin con\u00e8ixer el nombre d\u2019impressions de p\u00e0gines, el nombre de visites realitzades als servidors web, l\u2019ordre de visites, el punt d\u2019acc\u00e9s, etc.<\/p>\n<h5><strong>6. NORMES DEL COMPORTAMENT DEL BLOG<\/strong><\/h5>\n<p>COMERCIAL DE INDUSTRIAS REUNIDAS S.A. li agraeix el seu inter\u00e8s per fer \u00fas dels nostres canals de participaci\u00f3. Els comentaris s\u00f3n una via de participaci\u00f3 per a tots els usuaris d\u2019aquest mitj\u00e0.<\/p>\n<p>Si vols participar en els nostres blocs, haur\u00e0s d\u2019acceptar aquestes regles:<\/p>\n<ol>\n<li>Responsabilitat de l\u2019Usuari. En participar en els blogs de la web ets l\u2019\u00fanic responsable dels missatges que difonguis a trav\u00e9s d\u2019aquells, garantint a\u00a0COMERCIAL DE INDUSTRIAS REUNIDAS S.A.\u00a0la total indemnitat davant qualsevol reclamaci\u00f3 que pogu\u00e9s plantejar-se per tals conceptes.<br \/>\nEn el cas que els missatges continguin material protegit per drets de propietat intel\u00b7lectual o industrial, l\u2019usuari garanteix que n\u2019\u00e9s el propietari o compta amb l\u2019autoritzaci\u00f3 del propietari per difondre\u2019l en els Blogs.<br \/>\nI s\u2019eximeix\u00a0COMERCIAL DE INDUSTRIAS REUNIDAS S.A.\u00a0de qualsevol reclamaci\u00f3 de tercers que es planteg\u00e9s per aquests conceptes.<\/li>\n<li>L\u2019usuari haur\u00e0, abans de publicar un missatge, escollir el blog apropiat. Aquells missatges que no s\u2019ajustin a la tem\u00e0tica del blog podran ser eliminats. Est\u00e0 totalment prohibit publicar promocions i enlla\u00e7os d\u2019ofertes comercials, publicitat, material promocional, cartes cadena ni qualsevol activitat promocional directa o indirecta o qualsevol altre tipus de comentari que no s\u2019ajusti al desenvolupament normal dels temes dels blocs.<\/li>\n<li>L\u2019usuari haur\u00e0 de respectar a la resta d\u2019usuaris. L\u2019usuari ha de ser tolerant i respectu\u00f3s amb els missatges i opinions dels altres usuaris. Es podran suprimir aquells missatges que puguin ser considerats lesius contra els drets de tercers o que atemptin contra el desenvolupament pac\u00edfic dels blogs.<\/li>\n<li>COMERCIAL DE INDUSTRIAS REUNIDAS S.A. es reserva el dret de reproduir, modificar, o difondre els missatges publicats en els blogs de la web d\u2019acord amb els termes i mitjans convenients sense que per aix\u00f2 correspongui a l\u2019usuari cap tipus de compensaci\u00f3.<\/li>\n<li>COMERCIAL DE INDUSTRIAS REUNIDAS S.A. no \u00e9s responsable del publicat en els blogs de la web ni garanteix la veracitat o exactitud de cap informaci\u00f3 publicada als mateixos. Correspon a l\u2019usuari remitent dels missatges o informacions la responsabilitat sobre el seu contingut.<\/li>\n<li>COMERCIAL DE INDUSTRIAS REUNIDAS S.A. no garanteix la disponibilitat ni continu\u00eftat del servei de blogs de la web, podent modificar-lo, suspendre\u2019l o eliminar-lo de la web sense previ av\u00eds, en qualsevol moment.<\/li>\n<li>En el cas que un usuari pugui veure afectat per actuacions il\u00b7legals, o detecti un mal \u00fas dels blogs de la web per part d\u2019altres usuaris, podr\u00e0 posar-ho en coneixement de\u00a0COMERCIAL DE INDUSTRIAS REUNIDAS S.A., a trav\u00e9s del correu electr\u00f2nic\u00a0<a href=\"mailto:mas@mas-office.com\">mas@mas-office.com<\/a>, indicant en la refer\u00e8ncia de l\u2019assumpte \u201cmoderaci\u00f3 de blocs\u201d, perqu\u00e8 GLOBUS MCMXC, S.A. pugui moderar o eliminar els mateixos.<\/li>\n<li>L\u2019usuari mantindr\u00e0 indemne a\u00a0COMERCIAL DE INDUSTRIAS REUNIDAS S.A.\u00a0davant de qualsevol reclamaci\u00f3 que pogu\u00e9s presentar-se-pels missatges que l\u2019usuari hagi dif\u00f3s en els blogs o per qualsevol altra conducta vinculada o derivada de la utilitzaci\u00f3 per l\u2019usuari dels blogs de la web.<\/li>\n<\/ol>\n<h5><strong>7. LLEI APLICABLE I JURISDICCI\u00d3<\/strong><\/h5>\n<p>La llei aplicable en cas de disputa o conflicte d\u2019interpretaci\u00f3 dels termes que conformen aquesta pol\u00edtica de privacitat, aix\u00ed com qualsevol q\u00fcesti\u00f3 relacionada amb els serveis de la present web, ser\u00e0 la llei espanyola.<\/p>\n<\/div><\/div><\/div><\/div><\/div><\/div><\/div><\/section>","protected":false},"excerpt":{"rendered":"1. IDENTIFICACI\u00d3 DEL TITULAR www.mas-office.com\u00a0\u00e9s un domini titularitat de COMERCIAL DE INDUSTRIAS REUNIDAS S.A. domiciliada a Carrer Afores, s\/n (Cam\u00ed de Vall-llosera) \u00b7 08550 BALENY\u00c0 \u00b7 Barcelona \u2013 Spain, inscrita al Registre Mercantil de Barcelona i adre\u00e7a de correu electr\u00f2nic\u00a0mas@mas-office.com 2. PROTECCI\u00d3 DE DADES COMERCIAL DE INDUSTRIAS REUNIDAS S.A. \u00e9s el Responsable del tractament de...","protected":false},"author":1,"featured_media":0,"parent":0,"menu_order":51,"comment_status":"closed","ping_status":"closed","template":"","meta":{"footnotes":""},"class_list":["post-2247","page","type-page","status-publish","hentry"],"_links":{"self":[{"href":"https:\/\/www.mas-office.com\/ca\/wp-json\/wp\/v2\/pages\/2247","targetHints":{"allow":["GET"]}}],"collection":[{"href":"https:\/\/www.mas-office.com\/ca\/wp-json\/wp\/v2\/pages"}],"about":[{"href":"https:\/\/www.mas-office.com\/ca\/wp-json\/wp\/v2\/types\/page"}],"author":[{"embeddable":true,"href":"https:\/\/www.mas-office.com\/ca\/wp-json\/wp\/v2\/users\/1"}],"replies":[{"embeddable":true,"href":"https:\/\/www.mas-office.com\/ca\/wp-json\/wp\/v2\/comments?post=2247"}],"version-history":[{"count":3,"href":"https:\/\/www.mas-office.com\/ca\/wp-json\/wp\/v2\/pages\/2247\/revisions"}],"predecessor-version":[{"id":2253,"href":"https:\/\/www.mas-office.com\/ca\/wp-json\/wp\/v2\/pages\/2247\/revisions\/2253"}],"wp:attachment":[{"href":"https:\/\/www.mas-office.com\/ca\/wp-json\/wp\/v2\/media?parent=2247"}],"curies":[{"name":"wp","href":"https:\/\/api.w.org\/{rel}","templated":true}]}}